{"id":119,"date":"2015-08-24T08:48:43","date_gmt":"2015-08-24T07:48:43","guid":{"rendered":"http:\/\/abcd.abuledu.org\/herve-le-carre\/?page_id=119"},"modified":"2015-08-30T13:28:00","modified_gmt":"2015-08-30T12:28:00","slug":"modules-avec-la-suite-dapplicatifs-libres-abuledu","status":"publish","type":"page","link":"http:\/\/abcd.abuledu.org\/herve-le-carre\/modules-avec-la-suite-dapplicatifs-libres-abuledu\/","title":{"rendered":"Modules avec la suite d&rsquo;applicatifs libres Abul\u00c9du"},"content":{"rendered":"<h2 style=\"text-align: center\">AVEC IMAG\u00c9O<\/h2>\n<div id=\"attachment_262\" style=\"width: 650px\" class=\"wp-caption aligncenter\"><a href=\"http:\/\/abcd.abuledu.org\/herve-le-carre\/wp-content\/uploads\/sites\/5\/2015\/08\/Imageo_dix-verbes-d-action.png\" data-rel=\"lightbox-image-0\" data-rl_title=\"\" data-rl_caption=\"\" title=\"\"><img aria-describedby=\"caption-attachment-262\" loading=\"lazy\" class=\"wp-image-262 size-large\" src=\"http:\/\/abcd.abuledu.org\/herve-le-carre\/wp-content\/uploads\/sites\/5\/2015\/08\/Imageo_dix-verbes-d-action-1024x602.png\" alt=\"Reconna\u00eetre dix verbes d'action avec IMAG\u00c9O\" width=\"640\" height=\"376\" srcset=\"http:\/\/abcd.abuledu.org\/herve-le-carre\/wp-content\/uploads\/sites\/5\/2015\/08\/Imageo_dix-verbes-d-action-1024x602.png 1024w, http:\/\/abcd.abuledu.org\/herve-le-carre\/wp-content\/uploads\/sites\/5\/2015\/08\/Imageo_dix-verbes-d-action-300x176.png 300w, http:\/\/abcd.abuledu.org\/herve-le-carre\/wp-content\/uploads\/sites\/5\/2015\/08\/Imageo_dix-verbes-d-action.png 1274w\" sizes=\"(max-width: 640px) 100vw, 640px\" \/><\/a><p id=\"caption-attachment-262\" class=\"wp-caption-text\">Reconna\u00eetre dix verbes d&rsquo;action avec IMAG\u00c9O<\/p><\/div>\n<h2 style=\"text-align: center\">AVEC IMAGES S\u00c9QUENTIELLES<\/h2>\n<div id=\"attachment_127\" style=\"width: 687px\" class=\"wp-caption aligncenter\"><a href=\"http:\/\/abcd.abuledu.org\/herve-le-carre\/wp-content\/uploads\/sites\/5\/2015\/08\/20150825_mrleloup.png\" data-rel=\"lightbox-image-1\" data-rl_title=\"\" data-rl_caption=\"\" title=\"\"><img aria-describedby=\"caption-attachment-127\" loading=\"lazy\" class=\"wp-image-127 size-full\" src=\"http:\/\/abcd.abuledu.org\/herve-le-carre\/wp-content\/uploads\/sites\/5\/2015\/08\/20150825_mrleloup.png\" alt=\"Mr le loup et le ballon rouge\" width=\"677\" height=\"575\" srcset=\"http:\/\/abcd.abuledu.org\/herve-le-carre\/wp-content\/uploads\/sites\/5\/2015\/08\/20150825_mrleloup.png 677w, http:\/\/abcd.abuledu.org\/herve-le-carre\/wp-content\/uploads\/sites\/5\/2015\/08\/20150825_mrleloup-300x255.png 300w\" sizes=\"(max-width: 677px) 100vw, 677px\" \/><\/a><p id=\"caption-attachment-127\" class=\"wp-caption-text\">Mr le loup et le ballon rouge<\/p><\/div>\n<div id=\"attachment_269\" style=\"width: 546px\" class=\"wp-caption aligncenter\"><a href=\"http:\/\/abcd.abuledu.org\/herve-le-carre\/wp-content\/uploads\/sites\/5\/2015\/08\/ImagesS\u00e9quentielles_le-petit-venusien.png\" data-rel=\"lightbox-image-2\" data-rl_title=\"\" data-rl_caption=\"\" title=\"\"><img aria-describedby=\"caption-attachment-269\" loading=\"lazy\" class=\"wp-image-269 size-full\" src=\"http:\/\/abcd.abuledu.org\/herve-le-carre\/wp-content\/uploads\/sites\/5\/2015\/08\/ImagesS\u00e9quentielles_le-petit-venusien.png\" alt=\"Deux exercices de remise en ordre des images du Petit V\u00e9nusien.\" width=\"536\" height=\"561\" srcset=\"http:\/\/abcd.abuledu.org\/herve-le-carre\/wp-content\/uploads\/sites\/5\/2015\/08\/ImagesS\u00e9quentielles_le-petit-venusien.png 536w, http:\/\/abcd.abuledu.org\/herve-le-carre\/wp-content\/uploads\/sites\/5\/2015\/08\/ImagesS\u00e9quentielles_le-petit-venusien-287x300.png 287w\" sizes=\"(max-width: 536px) 100vw, 536px\" \/><\/a><p id=\"caption-attachment-269\" class=\"wp-caption-text\">Deux exercices de remise en ordre des images du Petit V\u00e9nusien.<\/p><\/div>\n<h2 style=\"text-align: center\">Avec ALLER<\/h2>\n<div id=\"attachment_130\" style=\"width: 650px\" class=\"wp-caption aligncenter\"><a href=\"http:\/\/abcd.abuledu.org\/herve-le-carre\/wp-content\/uploads\/sites\/5\/2015\/08\/20150825_Aller-herveamoureux-TTrous.png\" data-rel=\"lightbox-image-3\" data-rl_title=\"\" data-rl_caption=\"\" title=\"\"><img aria-describedby=\"caption-attachment-130\" loading=\"lazy\" class=\"wp-image-130 size-large\" src=\"http:\/\/abcd.abuledu.org\/herve-le-carre\/wp-content\/uploads\/sites\/5\/2015\/08\/20150825_Aller-herveamoureux-TTrous-1024x605.png\" alt=\"Relire le d\u00e9but de l'histoire d'Herv\u00e9 LeCarr\u00e9 avec ALLER\" width=\"640\" height=\"378\" srcset=\"http:\/\/abcd.abuledu.org\/herve-le-carre\/wp-content\/uploads\/sites\/5\/2015\/08\/20150825_Aller-herveamoureux-TTrous-1024x605.png 1024w, http:\/\/abcd.abuledu.org\/herve-le-carre\/wp-content\/uploads\/sites\/5\/2015\/08\/20150825_Aller-herveamoureux-TTrous-300x177.png 300w, http:\/\/abcd.abuledu.org\/herve-le-carre\/wp-content\/uploads\/sites\/5\/2015\/08\/20150825_Aller-herveamoureux-TTrous.png 1294w\" sizes=\"(max-width: 640px) 100vw, 640px\" \/><\/a><p id=\"caption-attachment-130\" class=\"wp-caption-text\">Relire le d\u00e9but de l&rsquo;histoire d&rsquo;Herv\u00e9 LeCarr\u00e9 avec ALLER<\/p><\/div>\n<h2 style=\"text-align: center\">AVEC MULOT<\/h2>\n<div id=\"attachment_133\" style=\"width: 650px\" class=\"wp-caption aligncenter\"><a href=\"http:\/\/abcd.abuledu.org\/herve-le-carre\/wp-content\/uploads\/sites\/5\/2015\/08\/Capture-AbulEdu-LeTerrier-Mulot-Clic-odysseus-superheros-52a478b9.abe-Anne-Marie-Lesca-1.png\" data-rel=\"lightbox-image-4\" data-rl_title=\"\" data-rl_caption=\"\" title=\"\"><img aria-describedby=\"caption-attachment-133\" loading=\"lazy\" class=\"wp-image-133 size-large\" src=\"http:\/\/abcd.abuledu.org\/herve-le-carre\/wp-content\/uploads\/sites\/5\/2015\/08\/Capture-AbulEdu-LeTerrier-Mulot-Clic-odysseus-superheros-52a478b9.abe-Anne-Marie-Lesca-1-1024x549.png\" alt=\"SuperH\u00e9ros avec MULOT\" width=\"640\" height=\"343\" srcset=\"http:\/\/abcd.abuledu.org\/herve-le-carre\/wp-content\/uploads\/sites\/5\/2015\/08\/Capture-AbulEdu-LeTerrier-Mulot-Clic-odysseus-superheros-52a478b9.abe-Anne-Marie-Lesca-1-1024x549.png 1024w, http:\/\/abcd.abuledu.org\/herve-le-carre\/wp-content\/uploads\/sites\/5\/2015\/08\/Capture-AbulEdu-LeTerrier-Mulot-Clic-odysseus-superheros-52a478b9.abe-Anne-Marie-Lesca-1-300x161.png 300w, http:\/\/abcd.abuledu.org\/herve-le-carre\/wp-content\/uploads\/sites\/5\/2015\/08\/Capture-AbulEdu-LeTerrier-Mulot-Clic-odysseus-superheros-52a478b9.abe-Anne-Marie-Lesca-1.png 1276w\" sizes=\"(max-width: 640px) 100vw, 640px\" \/><\/a><p id=\"caption-attachment-133\" class=\"wp-caption-text\">SuperH\u00e9ros avec MULOT<\/p><\/div>\n<div id=\"attachment_134\" style=\"width: 567px\" class=\"wp-caption aligncenter\"><a href=\"http:\/\/abcd.abuledu.org\/herve-le-carre\/wp-content\/uploads\/sites\/5\/2015\/08\/Capture-AbulEdu-LeTerrier-Mulot-Clic-odysseus-superheros-52a478b9.abe-Anne-Marie-Lesca.png\" data-rel=\"lightbox-image-5\" data-rl_title=\"\" data-rl_caption=\"\" title=\"\"><img aria-describedby=\"caption-attachment-134\" loading=\"lazy\" class=\"wp-image-134 size-full\" src=\"http:\/\/abcd.abuledu.org\/herve-le-carre\/wp-content\/uploads\/sites\/5\/2015\/08\/Capture-AbulEdu-LeTerrier-Mulot-Clic-odysseus-superheros-52a478b9.abe-Anne-Marie-Lesca.png\" alt=\"La fin du cauchemar...\" width=\"557\" height=\"618\" srcset=\"http:\/\/abcd.abuledu.org\/herve-le-carre\/wp-content\/uploads\/sites\/5\/2015\/08\/Capture-AbulEdu-LeTerrier-Mulot-Clic-odysseus-superheros-52a478b9.abe-Anne-Marie-Lesca.png 557w, http:\/\/abcd.abuledu.org\/herve-le-carre\/wp-content\/uploads\/sites\/5\/2015\/08\/Capture-AbulEdu-LeTerrier-Mulot-Clic-odysseus-superheros-52a478b9.abe-Anne-Marie-Lesca-270x300.png 270w\" sizes=\"(max-width: 557px) 100vw, 557px\" \/><\/a><p id=\"caption-attachment-134\" class=\"wp-caption-text\">La fin du cauchemar&#8230;<\/p><\/div>\n<p>&nbsp;<\/p>\n","protected":false},"excerpt":{"rendered":"<p>AVEC IMAG\u00c9O AVEC IMAGES S\u00c9QUENTIELLES Avec ALLER AVEC MULOT &nbsp;<\/p>\n","protected":false},"author":9,"featured_media":126,"parent":0,"menu_order":9,"comment_status":"open","ping_status":"closed","template":"page-full-width.php","meta":[],"categories":[],"_links":{"self":[{"href":"http:\/\/abcd.abuledu.org\/herve-le-carre\/wp-json\/wp\/v2\/pages\/119"}],"collection":[{"href":"http:\/\/abcd.abuledu.org\/herve-le-carre\/wp-json\/wp\/v2\/pages"}],"about":[{"href":"http:\/\/abcd.abuledu.org\/herve-le-carre\/wp-json\/wp\/v2\/types\/page"}],"author":[{"embeddable":true,"href":"http:\/\/abcd.abuledu.org\/herve-le-carre\/wp-json\/wp\/v2\/users\/9"}],"replies":[{"embeddable":true,"href":"http:\/\/abcd.abuledu.org\/herve-le-carre\/wp-json\/wp\/v2\/comments?post=119"}],"version-history":[{"count":9,"href":"http:\/\/abcd.abuledu.org\/herve-le-carre\/wp-json\/wp\/v2\/pages\/119\/revisions"}],"predecessor-version":[{"id":270,"href":"http:\/\/abcd.abuledu.org\/herve-le-carre\/wp-json\/wp\/v2\/pages\/119\/revisions\/270"}],"wp:featuredmedia":[{"embeddable":true,"href":"http:\/\/abcd.abuledu.org\/herve-le-carre\/wp-json\/wp\/v2\/media\/126"}],"wp:attachment":[{"href":"http:\/\/abcd.abuledu.org\/herve-le-carre\/wp-json\/wp\/v2\/media?parent=119"}],"wp:term":[{"taxonomy":"category","embeddable":true,"href":"http:\/\/abcd.abuledu.org\/herve-le-carre\/wp-json\/wp\/v2\/categories?post=119"}],"curies":[{"name":"wp","href":"https:\/\/api.w.org\/{rel}","templated":true}]}}