{"id":18,"date":"2016-05-13T20:35:44","date_gmt":"2016-05-13T18:35:44","guid":{"rendered":"http:\/\/abcd.abuledu.org\/le-lapin-pas-malin\/?page_id=18"},"modified":"2016-05-15T03:50:23","modified_gmt":"2016-05-15T01:50:23","slug":"ressources-libres-complementaires","status":"publish","type":"page","link":"http:\/\/abcd.abuledu.org\/le-lapin-pas-malin\/ressources-libres-complementaires\/","title":{"rendered":"Ressources libres compl\u00e9mentaires"},"content":{"rendered":"<h3><span style=\"color: #000080\"><a style=\"color: #000080\" href=\"http:\/\/data.abuledu.org\/wp\/?categ=&amp;terms=lapin+timide\">Sur abul\u00e9du-data<\/a>, l&rsquo;histoire en couleurs&#8230;<br \/>\n<\/span><\/h3>\n<figure id=\"attachment_16\" aria-describedby=\"caption-attachment-16\" style=\"width: 981px\" class=\"wp-caption aligncenter\"><img loading=\"lazy\" class=\"wp-image-16 size-full\" src=\"http:\/\/abcd.abuledu.org\/le-lapin-pas-malin\/wp-content\/uploads\/sites\/11\/2016\/05\/lapintimide-data.png\" alt=\"lapintimide-data\" width=\"981\" height=\"768\" srcset=\"http:\/\/abcd.abuledu.org\/le-lapin-pas-malin\/wp-content\/uploads\/sites\/11\/2016\/05\/lapintimide-data.png 981w, http:\/\/abcd.abuledu.org\/le-lapin-pas-malin\/wp-content\/uploads\/sites\/11\/2016\/05\/lapintimide-data-300x235.png 300w, http:\/\/abcd.abuledu.org\/le-lapin-pas-malin\/wp-content\/uploads\/sites\/11\/2016\/05\/lapintimide-data-768x601.png 768w\" sizes=\"(max-width: 709px) 85vw, (max-width: 909px) 67vw, (max-width: 1362px) 62vw, 840px\" \/><figcaption id=\"caption-attachment-16\" class=\"wp-caption-text\">Sur abul\u00e9du-data, une cinquantaine d&rsquo;illustrations libres t\u00e9l\u00e9chargeables, modifiables et publiables, gr\u00e2ce \u00e0 la licence cc-by-sa.<\/figcaption><\/figure>\n<h3><a href=\"http:\/\/raconte-moi.abuledu.org\/w\/tag\/djataka\"><span style=\"color: #800080\">Sur Raconte-moi, version en fran\u00e7ais et en anglais :<\/span><\/a><\/h3>\n<p><img loading=\"lazy\" class=\"aligncenter wp-image-25 size-full\" src=\"http:\/\/abcd.abuledu.org\/le-lapin-pas-malin\/wp-content\/uploads\/sites\/11\/2016\/05\/lapin-racontemoi-2.png\" alt=\"lapin-racontemoi-2\" width=\"675\" height=\"398\" srcset=\"http:\/\/abcd.abuledu.org\/le-lapin-pas-malin\/wp-content\/uploads\/sites\/11\/2016\/05\/lapin-racontemoi-2.png 675w, http:\/\/abcd.abuledu.org\/le-lapin-pas-malin\/wp-content\/uploads\/sites\/11\/2016\/05\/lapin-racontemoi-2-300x177.png 300w\" sizes=\"(max-width: 675px) 85vw, 675px\" \/><\/p>\n<h3><span style=\"color: #993300\"><a style=\"color: #993300\" href=\"https:\/\/fr.wikiversity.org\/wiki\/Contes_de_Jataka\/Le_lapin_timide_et_pas_malin\">Sur wikiversit\u00e9, lecture autonome et questionnaire le lecture :<\/a><\/span><\/h3>\n<p><img loading=\"lazy\" class=\"aligncenter wp-image-24 size-large\" src=\"http:\/\/abcd.abuledu.org\/le-lapin-pas-malin\/wp-content\/uploads\/sites\/11\/2016\/05\/lapin-wikiversite-1024x489.png\" alt=\"lapin-wikiversite\" width=\"840\" height=\"401\" srcset=\"http:\/\/abcd.abuledu.org\/le-lapin-pas-malin\/wp-content\/uploads\/sites\/11\/2016\/05\/lapin-wikiversite-1024x489.png 1024w, http:\/\/abcd.abuledu.org\/le-lapin-pas-malin\/wp-content\/uploads\/sites\/11\/2016\/05\/lapin-wikiversite-300x143.png 300w, http:\/\/abcd.abuledu.org\/le-lapin-pas-malin\/wp-content\/uploads\/sites\/11\/2016\/05\/lapin-wikiversite-768x367.png 768w, http:\/\/abcd.abuledu.org\/le-lapin-pas-malin\/wp-content\/uploads\/sites\/11\/2016\/05\/lapin-wikiversite-1200x573.png 1200w, http:\/\/abcd.abuledu.org\/le-lapin-pas-malin\/wp-content\/uploads\/sites\/11\/2016\/05\/lapin-wikiversite.png 1353w\" sizes=\"(max-width: 709px) 85vw, (max-width: 909px) 67vw, (max-width: 1362px) 62vw, 840px\" \/><\/p>\n<h3><a href=\"http:\/\/calestampar.org\/spip.php?article1296\"><span style=\"color: #ff6600\">Dix papertoys d&rsquo;animaux de la savane :<\/span><\/a><\/h3>\n<p><strong><span style=\"color: #ff6600\">Patrons propos\u00e9s par Cyri-L, en ligne sur abul\u00e9du-data.<\/span><\/strong><\/p>\n","protected":false},"excerpt":{"rendered":"<p>Sur abul\u00e9du-data, l&rsquo;histoire en couleurs&#8230; Sur Raconte-moi, version en fran\u00e7ais et en anglais : Sur wikiversit\u00e9, lecture autonome et questionnaire le lecture : Dix papertoys d&rsquo;animaux de la savane : Patrons propos\u00e9s par Cyri-L, en ligne sur abul\u00e9du-data.<\/p>\n","protected":false},"author":9,"featured_media":0,"parent":0,"menu_order":0,"comment_status":"closed","ping_status":"closed","template":"","meta":[],"categories":[],"_links":{"self":[{"href":"http:\/\/abcd.abuledu.org\/le-lapin-pas-malin\/wp-json\/wp\/v2\/pages\/18"}],"collection":[{"href":"http:\/\/abcd.abuledu.org\/le-lapin-pas-malin\/wp-json\/wp\/v2\/pages"}],"about":[{"href":"http:\/\/abcd.abuledu.org\/le-lapin-pas-malin\/wp-json\/wp\/v2\/types\/page"}],"author":[{"embeddable":true,"href":"http:\/\/abcd.abuledu.org\/le-lapin-pas-malin\/wp-json\/wp\/v2\/users\/9"}],"replies":[{"embeddable":true,"href":"http:\/\/abcd.abuledu.org\/le-lapin-pas-malin\/wp-json\/wp\/v2\/comments?post=18"}],"version-history":[{"count":7,"href":"http:\/\/abcd.abuledu.org\/le-lapin-pas-malin\/wp-json\/wp\/v2\/pages\/18\/revisions"}],"predecessor-version":[{"id":71,"href":"http:\/\/abcd.abuledu.org\/le-lapin-pas-malin\/wp-json\/wp\/v2\/pages\/18\/revisions\/71"}],"wp:attachment":[{"href":"http:\/\/abcd.abuledu.org\/le-lapin-pas-malin\/wp-json\/wp\/v2\/media?parent=18"}],"wp:term":[{"taxonomy":"category","embeddable":true,"href":"http:\/\/abcd.abuledu.org\/le-lapin-pas-malin\/wp-json\/wp\/v2\/categories?post=18"}],"curies":[{"name":"wp","href":"https:\/\/api.w.org\/{rel}","templated":true}]}}