{"id":41,"date":"2015-06-23T13:37:37","date_gmt":"2015-06-23T12:37:37","guid":{"rendered":"http:\/\/abcd.abuledu.org\/sylvanus-aquitaine\/?page_id=41"},"modified":"2015-07-08T20:13:12","modified_gmt":"2015-07-08T19:13:12","slug":"module","status":"publish","type":"page","link":"http:\/\/abcd.abuledu.org\/sylvanus-aquitaine\/module\/","title":{"rendered":"Modules"},"content":{"rendered":"<p>Les ressources graphiques d\u00e9pos\u00e9es en cc-by-sa sur abul\u00e9du-data par leur auteur, Fanny Roquette, ont \u00e9t\u00e9 utilis\u00e9es pour plusieurs logiciels de la suite Abul\u00c9du.<\/p>\n<p><!--more--><\/p>\n<ul>\n<li>Avec <strong>Images S\u00e9quentielles<\/strong>, une histoire en cinq images \u00e0 reconstruire, par les plus jeunes :\n<div id=\"attachment_61\" style=\"width: 660px\" class=\"wp-caption aligncenter\"><a href=\"http:\/\/abcd.abuledu.org\/sylvanus-aquitaine\/wp-content\/uploads\/sites\/7\/2015\/06\/20150620_Images-S\u00e9quentielles-Sylvanus_et_le_druide_Pilatorax.png\" data-rel=\"lightbox-image-0\" data-rl_title=\"\" data-rl_caption=\"\" title=\"\"><img aria-describedby=\"caption-attachment-61\" loading=\"lazy\" class=\"wp-image-61 size-full\" src=\"http:\/\/abcd.abuledu.org\/sylvanus-aquitaine\/wp-content\/uploads\/sites\/7\/2015\/06\/20150620_Images-S\u00e9quentielles-Sylvanus_et_le_druide_Pilatorax.png\" alt=\"Sylvanus rencontre le druide Pilatorax\" width=\"650\" height=\"677\" srcset=\"http:\/\/abcd.abuledu.org\/sylvanus-aquitaine\/wp-content\/uploads\/sites\/7\/2015\/06\/20150620_Images-S\u00e9quentielles-Sylvanus_et_le_druide_Pilatorax.png 650w, http:\/\/abcd.abuledu.org\/sylvanus-aquitaine\/wp-content\/uploads\/sites\/7\/2015\/06\/20150620_Images-S\u00e9quentielles-Sylvanus_et_le_druide_Pilatorax-288x300.png 288w\" sizes=\"(max-width: 650px) 100vw, 650px\" \/><\/a><p id=\"caption-attachment-61\" class=\"wp-caption-text\">Textes et images servant se support aux activit\u00e9s propos\u00e9es par le logiciel.<\/p><\/div>\n<p><div id=\"attachment_157\" style=\"width: 650px\" class=\"wp-caption aligncenter\"><a href=\"http:\/\/abcd.abuledu.org\/sylvanus-aquitaine\/wp-content\/uploads\/sites\/7\/2015\/06\/imajseq-ecoute.png\" data-rel=\"lightbox-image-1\" data-rl_title=\"\" data-rl_caption=\"\" title=\"\"><img aria-describedby=\"caption-attachment-157\" loading=\"lazy\" class=\"wp-image-157 size-large\" src=\"http:\/\/abcd.abuledu.org\/sylvanus-aquitaine\/wp-content\/uploads\/sites\/7\/2015\/06\/imajseq-ecoute-1024x605.png\" alt=\"\u00c9coute possible des phrases ou m\u00eame de l'histoire compl\u00e8te, avec Images S\u00e9quentielles.\" width=\"640\" height=\"378\" srcset=\"http:\/\/abcd.abuledu.org\/sylvanus-aquitaine\/wp-content\/uploads\/sites\/7\/2015\/06\/imajseq-ecoute-1024x605.png 1024w, http:\/\/abcd.abuledu.org\/sylvanus-aquitaine\/wp-content\/uploads\/sites\/7\/2015\/06\/imajseq-ecoute-300x177.png 300w, http:\/\/abcd.abuledu.org\/sylvanus-aquitaine\/wp-content\/uploads\/sites\/7\/2015\/06\/imajseq-ecoute.png 1294w\" sizes=\"(max-width: 640px) 100vw, 640px\" \/><\/a><p id=\"caption-attachment-157\" class=\"wp-caption-text\">\u00c9coute possible des phrases ou m\u00eame de l&rsquo;histoire compl\u00e8te, avec Images S\u00e9quentielles.<\/p><\/div><\/li>\n<li>Avec <strong>Imag\u00e9o<\/strong> pour les CP :\n<div id=\"attachment_154\" style=\"width: 650px\" class=\"wp-caption aligncenter\"><a href=\"http:\/\/abcd.abuledu.org\/sylvanus-aquitaine\/wp-content\/uploads\/sites\/7\/2015\/06\/ortographe.png\" data-rel=\"lightbox-image-2\" data-rl_title=\"\" data-rl_caption=\"\" title=\"\"><img aria-describedby=\"caption-attachment-154\" loading=\"lazy\" class=\"wp-image-154 size-large\" src=\"http:\/\/abcd.abuledu.org\/sylvanus-aquitaine\/wp-content\/uploads\/sites\/7\/2015\/06\/ortographe-1024x605.png\" alt=\"Exercice d'orthographe avec Imag\u00e9o (niveau facile)\" width=\"640\" height=\"378\" srcset=\"http:\/\/abcd.abuledu.org\/sylvanus-aquitaine\/wp-content\/uploads\/sites\/7\/2015\/06\/ortographe-1024x605.png 1024w, http:\/\/abcd.abuledu.org\/sylvanus-aquitaine\/wp-content\/uploads\/sites\/7\/2015\/06\/ortographe-300x177.png 300w, http:\/\/abcd.abuledu.org\/sylvanus-aquitaine\/wp-content\/uploads\/sites\/7\/2015\/06\/ortographe.png 1294w\" sizes=\"(max-width: 640px) 100vw, 640px\" \/><\/a><p id=\"caption-attachment-154\" class=\"wp-caption-text\">Exercice d&rsquo;orthographe avec Imag\u00e9o (niveau facile)<\/p><\/div>\n<p><div id=\"attachment_155\" style=\"width: 650px\" class=\"wp-caption aligncenter\"><a href=\"http:\/\/abcd.abuledu.org\/sylvanus-aquitaine\/wp-content\/uploads\/sites\/7\/2015\/06\/05.png\" data-rel=\"lightbox-image-3\" data-rl_title=\"\" data-rl_caption=\"\" title=\"\"><img aria-describedby=\"caption-attachment-155\" loading=\"lazy\" class=\"wp-image-155 size-large\" src=\"http:\/\/abcd.abuledu.org\/sylvanus-aquitaine\/wp-content\/uploads\/sites\/7\/2015\/06\/05-1024x605.png\" alt=\"Exercice d'association image\/\u00e9tiquette avec Imag\u00e9o  (niveau difficile)\" width=\"640\" height=\"378\" srcset=\"http:\/\/abcd.abuledu.org\/sylvanus-aquitaine\/wp-content\/uploads\/sites\/7\/2015\/06\/05-1024x605.png 1024w, http:\/\/abcd.abuledu.org\/sylvanus-aquitaine\/wp-content\/uploads\/sites\/7\/2015\/06\/05-300x177.png 300w, http:\/\/abcd.abuledu.org\/sylvanus-aquitaine\/wp-content\/uploads\/sites\/7\/2015\/06\/05.png 1294w\" sizes=\"(max-width: 640px) 100vw, 640px\" \/><\/a><p id=\"caption-attachment-155\" class=\"wp-caption-text\">Exercice d&rsquo;association image\/\u00e9tiquette avec Imag\u00e9o (niveau difficile)<\/p><\/div><\/li>\n<li>Avec <strong>Contour<\/strong>, entra\u00eenement en num\u00e9ration jusqu&rsquo;\u00e0 50.<\/li>\n<\/ul>\n<div id=\"attachment_63\" style=\"width: 684px\" class=\"wp-caption aligncenter\"><a href=\"http:\/\/abcd.abuledu.org\/sylvanus-aquitaine\/wp-content\/uploads\/sites\/7\/2015\/06\/20150620_sylvanus-contour.png\" data-rel=\"lightbox-image-4\" data-rl_title=\"\" data-rl_caption=\"\" title=\"\"><img aria-describedby=\"caption-attachment-63\" loading=\"lazy\" class=\"wp-image-63 size-full\" src=\"http:\/\/abcd.abuledu.org\/sylvanus-aquitaine\/wp-content\/uploads\/sites\/7\/2015\/06\/20150620_sylvanus-contour.png\" alt=\"Jouer avec le contour des personnages\" width=\"674\" height=\"732\" srcset=\"http:\/\/abcd.abuledu.org\/sylvanus-aquitaine\/wp-content\/uploads\/sites\/7\/2015\/06\/20150620_sylvanus-contour.png 674w, http:\/\/abcd.abuledu.org\/sylvanus-aquitaine\/wp-content\/uploads\/sites\/7\/2015\/06\/20150620_sylvanus-contour-276x300.png 276w\" sizes=\"(max-width: 674px) 100vw, 674px\" \/><\/a><p id=\"caption-attachment-63\" class=\"wp-caption-text\">\u00c9diteur du logiciel Contour : activit\u00e9s et exercices pr\u00e9par\u00e9s.<\/p><\/div>\n<ul>\n<li>D\u00e9voilement progressif d&rsquo;images avec <strong>Mulot<\/strong>, du bout des doigts ou de la souris, ou \u00e0 l&rsquo;aide du pav\u00e9 tactile, en maternelle.<\/li>\n<\/ul>\n<div id=\"attachment_67\" style=\"width: 650px\" class=\"wp-caption aligncenter\"><a href=\"http:\/\/abcd.abuledu.org\/sylvanus-aquitaine\/wp-content\/uploads\/sites\/7\/2015\/06\/20150620_mulot-sylvanus-parcours.png\" data-rel=\"lightbox-image-5\" data-rl_title=\"\" data-rl_caption=\"\" title=\"\"><img aria-describedby=\"caption-attachment-67\" loading=\"lazy\" class=\"wp-image-67 size-large\" src=\"http:\/\/abcd.abuledu.org\/sylvanus-aquitaine\/wp-content\/uploads\/sites\/7\/2015\/06\/20150620_mulot-sylvanus-parcours-1024x605.png\" alt=\"Un des parcours de Mulot\" width=\"640\" height=\"378\" srcset=\"http:\/\/abcd.abuledu.org\/sylvanus-aquitaine\/wp-content\/uploads\/sites\/7\/2015\/06\/20150620_mulot-sylvanus-parcours-1024x605.png 1024w, http:\/\/abcd.abuledu.org\/sylvanus-aquitaine\/wp-content\/uploads\/sites\/7\/2015\/06\/20150620_mulot-sylvanus-parcours-300x177.png 300w, http:\/\/abcd.abuledu.org\/sylvanus-aquitaine\/wp-content\/uploads\/sites\/7\/2015\/06\/20150620_mulot-sylvanus-parcours.png 1281w\" sizes=\"(max-width: 640px) 100vw, 640px\" \/><\/a><p id=\"caption-attachment-67\" class=\"wp-caption-text\">Le quatri\u00e8me des cinq \u00ab\u00a0parcours\u00a0\u00bb propos\u00e9s par Mulot<\/p><\/div>\n<ul>\n<li>Lecture et relecture avec le logiciel<strong> ALLER<\/strong>, pour les 8-10 ans : exercices de remise en ordre alphab\u00e9tique de mots du texte ou textes \u00e0 compl\u00e9ter.<\/li>\n<\/ul>\n<div id=\"attachment_68\" style=\"width: 650px\" class=\"wp-caption aligncenter\"><a href=\"http:\/\/abcd.abuledu.org\/sylvanus-aquitaine\/wp-content\/uploads\/sites\/7\/2015\/06\/20150620_sylvanus-aller-Oalpha.png\" data-rel=\"lightbox-image-6\" data-rl_title=\"\" data-rl_caption=\"\" title=\"\"><img aria-describedby=\"caption-attachment-68\" loading=\"lazy\" class=\"wp-image-68 size-large\" src=\"http:\/\/abcd.abuledu.org\/sylvanus-aquitaine\/wp-content\/uploads\/sites\/7\/2015\/06\/20150620_sylvanus-aller-Oalpha-1024x594.png\" alt=\"Le casse-t\u00eate de l'ordre alphab\u00e9tique...\" width=\"640\" height=\"371\" srcset=\"http:\/\/abcd.abuledu.org\/sylvanus-aquitaine\/wp-content\/uploads\/sites\/7\/2015\/06\/20150620_sylvanus-aller-Oalpha-1024x594.png 1024w, http:\/\/abcd.abuledu.org\/sylvanus-aquitaine\/wp-content\/uploads\/sites\/7\/2015\/06\/20150620_sylvanus-aller-Oalpha-300x174.png 300w, http:\/\/abcd.abuledu.org\/sylvanus-aquitaine\/wp-content\/uploads\/sites\/7\/2015\/06\/20150620_sylvanus-aller-Oalpha.png 1281w\" sizes=\"(max-width: 640px) 100vw, 640px\" \/><\/a><p id=\"caption-attachment-68\" class=\"wp-caption-text\">Le casse-t\u00eate de l&rsquo;ordre alphab\u00e9tique&#8230;<\/p><\/div>\n<div id=\"attachment_70\" style=\"width: 650px\" class=\"wp-caption aligncenter\"><a href=\"http:\/\/abcd.abuledu.org\/sylvanus-aquitaine\/wp-content\/uploads\/sites\/7\/2015\/06\/20150620_sylvanus-Aller-Ttrous2.png\" data-rel=\"lightbox-image-7\" data-rl_title=\"\" data-rl_caption=\"\" title=\"\"><img aria-describedby=\"caption-attachment-70\" loading=\"lazy\" class=\"wp-image-70 size-large\" src=\"http:\/\/abcd.abuledu.org\/sylvanus-aquitaine\/wp-content\/uploads\/sites\/7\/2015\/06\/20150620_sylvanus-Aller-Ttrous2-1024x605.png\" alt=\"Texte \u00e0 compl\u00e9ter avec Aller\" width=\"640\" height=\"378\" srcset=\"http:\/\/abcd.abuledu.org\/sylvanus-aquitaine\/wp-content\/uploads\/sites\/7\/2015\/06\/20150620_sylvanus-Aller-Ttrous2-1024x605.png 1024w, http:\/\/abcd.abuledu.org\/sylvanus-aquitaine\/wp-content\/uploads\/sites\/7\/2015\/06\/20150620_sylvanus-Aller-Ttrous2-300x177.png 300w, http:\/\/abcd.abuledu.org\/sylvanus-aquitaine\/wp-content\/uploads\/sites\/7\/2015\/06\/20150620_sylvanus-Aller-Ttrous2.png 1294w\" sizes=\"(max-width: 640px) 100vw, 640px\" \/><\/a><p id=\"caption-attachment-70\" class=\"wp-caption-text\">Texte \u00e0 trous, \u00e0 compl\u00e9ter avec le logiciel ALLER.<\/p><\/div>\n","protected":false},"excerpt":{"rendered":"<p>Les ressources graphiques d\u00e9pos\u00e9es en cc-by-sa sur abul\u00e9du-data par leur auteur, Fanny Roquette, ont \u00e9t\u00e9 utilis\u00e9es pour plusieurs logiciels de la suite Abul\u00c9du.<\/p>\n","protected":false},"author":2,"featured_media":0,"parent":0,"menu_order":0,"comment_status":"closed","ping_status":"open","template":"page-full-width.php","meta":[],"categories":[7,4,2],"_links":{"self":[{"href":"http:\/\/abcd.abuledu.org\/sylvanus-aquitaine\/wp-json\/wp\/v2\/pages\/41"}],"collection":[{"href":"http:\/\/abcd.abuledu.org\/sylvanus-aquitaine\/wp-json\/wp\/v2\/pages"}],"about":[{"href":"http:\/\/abcd.abuledu.org\/sylvanus-aquitaine\/wp-json\/wp\/v2\/types\/page"}],"author":[{"embeddable":true,"href":"http:\/\/abcd.abuledu.org\/sylvanus-aquitaine\/wp-json\/wp\/v2\/users\/2"}],"replies":[{"embeddable":true,"href":"http:\/\/abcd.abuledu.org\/sylvanus-aquitaine\/wp-json\/wp\/v2\/comments?post=41"}],"version-history":[{"count":9,"href":"http:\/\/abcd.abuledu.org\/sylvanus-aquitaine\/wp-json\/wp\/v2\/pages\/41\/revisions"}],"predecessor-version":[{"id":200,"href":"http:\/\/abcd.abuledu.org\/sylvanus-aquitaine\/wp-json\/wp\/v2\/pages\/41\/revisions\/200"}],"wp:attachment":[{"href":"http:\/\/abcd.abuledu.org\/sylvanus-aquitaine\/wp-json\/wp\/v2\/media?parent=41"}],"wp:term":[{"taxonomy":"category","embeddable":true,"href":"http:\/\/abcd.abuledu.org\/sylvanus-aquitaine\/wp-json\/wp\/v2\/categories?post=41"}],"curies":[{"name":"wp","href":"https:\/\/api.w.org\/{rel}","templated":true}]}}